{"id":4706,"date":"2023-10-30T12:25:57","date_gmt":"2023-10-30T12:25:57","guid":{"rendered":"https:\/\/focus-horse.de\/?page_id=4706"},"modified":"2024-02-08T15:43:52","modified_gmt":"2024-02-08T15:43:52","slug":"mentions-legales-protection-des-donnees","status":"publish","type":"page","link":"https:\/\/focus-horse.de\/index.php\/fr\/mentions-legales-protection-des-donnees\/","title":{"rendered":"Mentions l\u00e9gales \/ Protection des donn\u00e9es"},"content":{"rendered":"\t\t<div data-elementor-type=\"wp-page\" data-elementor-id=\"4706\" class=\"elementor elementor-4706\">\n\t\t\t\t\t\t<section class=\"elementor-section elementor-top-section elementor-element elementor-element-b260610 elementor-section-boxed elementor-section-height-default elementor-section-height-default\" data-id=\"b260610\" data-element_type=\"section\" data-settings=\"{&quot;background_background&quot;:&quot;classic&quot;}\">\n\t\t\t\t\t\t\t<div class=\"elementor-background-overlay\"><\/div>\n\t\t\t\t\t\t\t<div class=\"elementor-container elementor-column-gap-default\">\n\t\t\t\t\t<div class=\"elementor-column elementor-col-100 elementor-top-column elementor-element elementor-element-13965ff\" data-id=\"13965ff\" data-element_type=\"column\" data-settings=\"{&quot;background_background&quot;:&quot;classic&quot;}\">\n\t\t\t<div class=\"elementor-widget-wrap elementor-element-populated\">\n\t\t\t\t\t\t<section class=\"elementor-section elementor-inner-section elementor-element elementor-element-09a9cd5 elementor-section-full_width elementor-section-height-default elementor-section-height-default\" data-id=\"09a9cd5\" data-element_type=\"section\">\n\t\t\t\t\t\t<div class=\"elementor-container elementor-column-gap-wider\">\n\t\t\t\t\t<div class=\"elementor-column elementor-col-100 elementor-inner-column elementor-element elementor-element-7a57c6c\" data-id=\"7a57c6c\" data-element_type=\"column\">\n\t\t\t<div class=\"elementor-widget-wrap elementor-element-populated\">\n\t\t\t\t\t\t<div class=\"elementor-element elementor-element-087aecf elementor-widget__width-initial e-transform elementor-widget-divider--view-line elementor-widget elementor-widget-divider\" data-id=\"087aecf\" data-element_type=\"widget\" data-settings=\"{&quot;_transform_rotateZ_effect&quot;:{&quot;unit&quot;:&quot;px&quot;,&quot;size&quot;:90,&quot;sizes&quot;:[]},&quot;_transform_rotateZ_effect_tablet&quot;:{&quot;unit&quot;:&quot;deg&quot;,&quot;size&quot;:&quot;&quot;,&quot;sizes&quot;:[]},&quot;_transform_rotateZ_effect_mobile&quot;:{&quot;unit&quot;:&quot;deg&quot;,&quot;size&quot;:&quot;&quot;,&quot;sizes&quot;:[]}}\" data-widget_type=\"divider.default\">\n\t\t\t\t<div class=\"elementor-widget-container\">\n\t\t\t\t\t\t\t<div class=\"elementor-divider\">\n\t\t\t<span class=\"elementor-divider-separator\">\n\t\t\t\t\t\t<\/span>\n\t\t<\/div>\n\t\t\t\t\t\t<\/div>\n\t\t\t\t<\/div>\n\t\t\t\t<div class=\"elementor-element elementor-element-b9b3819 elementor-widget__width-initial elementor-widget elementor-widget-heading\" data-id=\"b9b3819\" data-element_type=\"widget\" data-widget_type=\"heading.default\">\n\t\t\t\t<div class=\"elementor-widget-container\">\n\t\t\t\t\t<h2 class=\"elementor-heading-title elementor-size-default\">Mentions l\u00e9gales \/ Protection des donn\u00e9es<\/h2>\t\t\t\t<\/div>\n\t\t\t\t<\/div>\n\t\t\t\t\t<\/div>\n\t\t<\/div>\n\t\t\t\t\t<\/div>\n\t\t<\/section>\n\t\t\t\t\t<\/div>\n\t\t<\/div>\n\t\t\t\t\t<\/div>\n\t\t<\/section>\n\t\t\t\t<section class=\"elementor-section elementor-top-section elementor-element elementor-element-5668bbe elementor-section-boxed elementor-section-height-default elementor-section-height-default\" data-id=\"5668bbe\" data-element_type=\"section\">\n\t\t\t\t\t\t<div class=\"elementor-container elementor-column-gap-default\">\n\t\t\t\t\t<div class=\"elementor-column elementor-col-100 elementor-top-column elementor-element elementor-element-1c12898\" data-id=\"1c12898\" data-element_type=\"column\">\n\t\t\t<div class=\"elementor-widget-wrap elementor-element-populated\">\n\t\t\t\t\t\t<div class=\"elementor-element elementor-element-f47da97 elementor-widget elementor-widget-heading\" data-id=\"f47da97\" data-element_type=\"widget\" data-widget_type=\"heading.default\">\n\t\t\t\t<div class=\"elementor-widget-container\">\n\t\t\t\t\t<h2 class=\"elementor-heading-title elementor-size-default\">Mentions l\u00e9gales<\/h2>\t\t\t\t<\/div>\n\t\t\t\t<\/div>\n\t\t\t\t<div class=\"elementor-element elementor-element-88516cc elementor-widget elementor-widget-text-editor\" data-id=\"88516cc\" data-element_type=\"widget\" data-widget_type=\"text-editor.default\">\n\t\t\t\t<div class=\"elementor-widget-container\">\n\t\t\t\t\t\t\t\t\t<p style=\"margin-bottom: 16px; font-variant-ligatures: normal; font-variant-caps: normal; line-height: 1.6; font-family: Roboto; font-size: 16px; font-style: normal; font-weight: 400; color: #46707f;\">focus horse \u2013 une marque de<\/p><p style=\"margin-bottom: 16px; font-variant-ligatures: normal; font-variant-caps: normal; line-height: 1.6; font-family: Roboto; font-size: 16px; font-style: normal; font-weight: 400; color: #46707f;\"><span style=\"font-size: 16px; font-weight: 600;\">Vierkant Software GmbH<\/span><\/p><p style=\"margin-bottom: 16px; font-variant-ligatures: normal; font-variant-caps: normal; line-height: 1.6; font-family: Roboto; font-size: 16px; font-style: normal; font-weight: 400; color: #46707f;\">Moosheide 120<\/p><p style=\"margin-bottom: 16px; font-variant-ligatures: normal; font-variant-caps: normal; line-height: 1.6; font-family: Roboto; font-size: 16px; font-style: normal; font-weight: 400; color: #46707f;\">D-47877 Willich<\/p><p style=\"margin-bottom: 16px; font-variant-ligatures: normal; font-variant-caps: normal; line-height: 1.6; font-family: Roboto; font-size: 16px; font-style: normal; font-weight: 400; color: #46707f;\">Telefon: +49 (0) 21 54 \/ 954 73 37<\/p><p style=\"margin-bottom: 16px; font-variant-ligatures: normal; font-variant-caps: normal; line-height: 1.6; font-family: Roboto; font-size: 16px; font-style: normal; font-weight: 400; color: #46707f;\">Email:\u00a0\u00a0info@vierkant-software.eu<\/p><p style=\"margin-bottom: 16px; font-variant-ligatures: normal; font-variant-caps: normal; line-height: 1.6; font-family: Roboto; font-size: 16px; font-style: normal; font-weight: 400; color: #46707f;\">Webseite: https:\/\/vierkant-software.eu<\/p><p>Registre du commerce HRB 19746, tribunal d&#8217;instance de Krefeld<\/p><p>Associ\u00e9e g\u00e9rante : Stefanie Kairies<\/p><p>Num\u00e9ro d&#8217;identification de la taxe sur le chiffre d&#8217;affaires conform\u00e9ment au \u00a7 27 a de la loi sur la TVA : DE354337048<\/p><p>Lien vers la plateforme de la Commission europ\u00e9enne pour le r\u00e8glement des litiges en ligne : <a style=\"line-height: 1.5; font-family: Roboto; font-size: 1em; font-weight: 400; color: #03a9f4;\" href=\"https:\/\/ec.europa.eu\/consumers\/odr\" target=\"_blank\" rel=\"noreferrer noopener\">https:\/\/ec.europa.eu\/consumers\/odr<\/a><\/p><p style=\"margin-bottom: 16px; font-variant-ligatures: normal; font-variant-caps: normal; line-height: 1.6; font-family: Roboto; font-size: 16px; font-style: normal; font-weight: 400; color: #46707f;\">Nous ne sommes pas tenus de participer \u00e0 une proc\u00e9dure de r\u00e8glement des litiges devant un organisme de conciliation des consommateurs et ne sommes en principe pas dispos\u00e9s \u00e0 le faire.<\/p>\t\t\t\t\t\t\t\t<\/div>\n\t\t\t\t<\/div>\n\t\t\t\t\t<\/div>\n\t\t<\/div>\n\t\t\t\t\t<\/div>\n\t\t<\/section>\n\t\t\t\t<section class=\"elementor-section elementor-top-section elementor-element elementor-element-75cd1e8 elementor-section-boxed elementor-section-height-default elementor-section-height-default\" data-id=\"75cd1e8\" data-element_type=\"section\">\n\t\t\t\t\t\t<div class=\"elementor-container elementor-column-gap-default\">\n\t\t\t\t\t<div class=\"elementor-column elementor-col-100 elementor-top-column elementor-element elementor-element-a6dee3c\" data-id=\"a6dee3c\" data-element_type=\"column\">\n\t\t\t<div class=\"elementor-widget-wrap elementor-element-populated\">\n\t\t\t\t\t\t<div class=\"elementor-element elementor-element-fed0c85 elementor-widget elementor-widget-heading\" data-id=\"fed0c85\" data-element_type=\"widget\" data-widget_type=\"heading.default\">\n\t\t\t\t<div class=\"elementor-widget-container\">\n\t\t\t\t\t<h2 class=\"elementor-heading-title elementor-size-default\">D\u00e9claration de confidentialit\u00e9<\/h2>\t\t\t\t<\/div>\n\t\t\t\t<\/div>\n\t\t\t\t<div class=\"elementor-element elementor-element-ab90e9d elementor-widget elementor-widget-text-editor\" data-id=\"ab90e9d\" data-element_type=\"widget\" data-widget_type=\"text-editor.default\">\n\t\t\t\t<div class=\"elementor-widget-container\">\n\t\t\t\t\t\t\t\t\t<p style=\"font-weight: 400;\"><strong>Nom et adresse de la personne responsable<\/strong><\/p><p style=\"font-weight: 400;\">La personne responsable au sens du r\u00e8glement g\u00e9n\u00e9ral sur la protection des donn\u00e9es et d&#8217;autres lois nationales sur la protection des donn\u00e9es des \u00c9tats membres ainsi que d&#8217;autres r\u00e9glementations sur la protection des donn\u00e9es est :<\/p><p style=\"font-weight: 400;\"><strong>Vierkant Software GmbH<\/strong><br \/>Moosheide 120<br \/>D-47877 Willich<br \/>T\u00e9l\u00e9phone : +49 (0) 174 \/ 274 33 92<br \/>E-mail: info@vierkant-software.eu<\/p><p style=\"font-weight: 400;\"><strong>Informations g\u00e9n\u00e9rales sur le traitement des donn\u00e9es<\/strong><\/p><ol><li><strong>Champ d&#8217;application du traitement des donn\u00e9es \u00e0 caract\u00e8re personnel<\/strong><\/li><\/ol><p style=\"font-weight: 400;\">Nous ne traitons les donn\u00e9es personnelles de nos utilisateurs que dans la mesure o\u00f9 cela est n\u00e9cessaire \u00e0 la mise \u00e0 disposition d&#8217;un site web fonctionnel et de notre contenu et de nos services. Le traitement des donn\u00e9es personnelles de nos utilisateurs n&#8217;est r\u00e9guli\u00e8rement effectu\u00e9 qu&#8217;avec le consentement de l&#8217;utilisateur. Une exception s&#8217;applique dans les cas o\u00f9 l&#8217;obtention d&#8217;un consentement pr\u00e9alable n&#8217;est pas possible pour des raisons r\u00e9elles et o\u00f9 le traitement des donn\u00e9es est autoris\u00e9 par des dispositions l\u00e9gales.<\/p><ol start=\"2\"><li><strong>Base juridique du traitement des donn\u00e9es \u00e0 caract\u00e8re personnel<\/strong><\/li><\/ol><p style=\"font-weight: 400;\">Dans la mesure o\u00f9 nous obtenons le consentement de la personne concern\u00e9e pour le traitement des donn\u00e9es \u00e0 caract\u00e8re personnel, l&#8217;art. 6 para. 1lit. a du r\u00e8glement de l&#8217;UE sur la protection des donn\u00e9es (DSGVO) sert de base juridique.<\/p><p style=\"font-weight: 400;\">Lorsque le traitement de donn\u00e9es personnelles est n\u00e9cessaire \u00e0 l&#8217;ex\u00e9cution d&#8217;un contrat auquel la personne concern\u00e9e est partie, l&#8217;article 6, paragraphe 1, point b), de la DSGVO sert de base juridique. 6 (1) lit. b DSGVO sert de base juridique. Ceci s&#8217;applique \u00e9galement aux traitements n\u00e9cessaires \u00e0 l&#8217;ex\u00e9cution de mesures pr\u00e9contractuelles.<\/p><p style=\"font-weight: 400;\">Dans la mesure o\u00f9 le traitement des donn\u00e9es personnelles est n\u00e9cessaire au respect d&#8217;une obligation l\u00e9gale \u00e0 laquelle notre soci\u00e9t\u00e9 est soumise, l&#8217;art. 6 (1) lit. c DSGVO sert de base juridique.<\/p><p style=\"font-weight: 400;\">Si les int\u00e9r\u00eats vitaux de la personne concern\u00e9e ou d&#8217;une autre personne physique rendent n\u00e9cessaire le traitement de donn\u00e9es \u00e0 caract\u00e8re personnel, l&#8217;article 6, paragraphe 1, point d), du DSGVO sert de base juridique. 6 (1) lit. d DSGVO sert de base juridique.<\/p><p style=\"font-weight: 400;\">Si le traitement est n\u00e9cessaire pour prot\u00e9ger un int\u00e9r\u00eat l\u00e9gitime de notre soci\u00e9t\u00e9 ou d&#8217;un tiers et que les int\u00e9r\u00eats, les droits fondamentaux et les libert\u00e9s de la personne concern\u00e9e ne pr\u00e9valent pas sur l&#8217;int\u00e9r\u00eat susmentionn\u00e9, l&#8217;article 6 (1) f DSGVO sert de base juridique au traitement. 6 (1) f DSGVO sert de base juridique au traitement.<\/p><ol start=\"3\"><li><strong>la suppression des donn\u00e9es et la p\u00e9riode de conservation<\/strong><\/li><\/ol><p style=\"font-weight: 400;\">Les donn\u00e9es \u00e0 caract\u00e8re personnel de la personne concern\u00e9e sont effac\u00e9es ou bloqu\u00e9es d\u00e8s que la finalit\u00e9 de la conservation n&#8217;est plus d&#8217;actualit\u00e9. La conservation peut \u00e9galement avoir lieu si le l\u00e9gislateur europ\u00e9en ou national l&#8217;a pr\u00e9vu dans des r\u00e8glements de l&#8217;Union, des lois ou d&#8217;autres dispositions auxquelles le responsable du traitement est soumis. Les donn\u00e9es sont \u00e9galement bloqu\u00e9es ou effac\u00e9es \u00e0 l&#8217;expiration d&#8217;un d\u00e9lai de conservation prescrit par les normes susmentionn\u00e9es, \u00e0 moins qu&#8217;il ne soit n\u00e9cessaire de conserver les donn\u00e9es pour la conclusion ou l&#8217;ex\u00e9cution d&#8217;un contrat.<\/p><p style=\"font-weight: 400;\"><strong>Mise \u00e0 disposition du site web et cr\u00e9ation de fichiers journaux<\/strong>\u00a0<\/p><ol><li><strong>description et port\u00e9e du traitement des donn\u00e9es<\/strong><\/li><\/ol><p style=\"font-weight: 400;\">Chaque fois que l&#8217;on acc\u00e8de \u00e0 notre site web, notre syst\u00e8me recueille automatiquement des donn\u00e9es et des informations \u00e0 partir du syst\u00e8me informatique de l&#8217;ordinateur qui acc\u00e8de au site.<\/p><p style=\"font-weight: 400;\">Les donn\u00e9es suivantes sont collect\u00e9es<\/p><p style=\"font-weight: 400;\">&#8211; Informations sur le type de navigateur et la version utilis\u00e9e.<\/p><p style=\"font-weight: 400;\">&#8211; le syst\u00e8me d&#8217;exploitation de l&#8217;utilisateur<\/p><p style=\"font-weight: 400;\">&#8211; Le fournisseur d&#8217;acc\u00e8s \u00e0 Internet de l&#8217;utilisateur<\/p><p style=\"font-weight: 400;\">&#8211; L&#8217;adresse IP de l&#8217;utilisateur<\/p><p style=\"font-weight: 400;\">&#8211; la date et l&#8217;heure de l&#8217;acc\u00e8s<\/p><p style=\"font-weight: 400;\">&#8211; Sites web \u00e0 partir desquels le syst\u00e8me de l&#8217;utilisateur acc\u00e8de \u00e0 notre site web<\/p><p style=\"font-weight: 400;\">&#8211; les sites web auxquels le syst\u00e8me de l&#8217;utilisateur acc\u00e8de via notre site web.<\/p><p style=\"font-weight: 400;\">Ces donn\u00e9es sont \u00e9galement stock\u00e9es dans les fichiers journaux de notre syst\u00e8me. Ne sont pas concern\u00e9es les adresses IP de l&#8217;utilisateur ou d&#8217;autres donn\u00e9es permettant d&#8217;attribuer des donn\u00e9es \u00e0 un utilisateur. Ces donn\u00e9es ne sont pas stock\u00e9es avec d&#8217;autres donn\u00e9es personnelles de l&#8217;utilisateur.<\/p><ol start=\"2\"><li style=\"font-weight: 400;\"><strong> base juridique du traitement des donn\u00e9es<\/strong><\/li><\/ol><p style=\"font-weight: 400;\">La base juridique de la conservation temporaire des donn\u00e9es est l&#8217;art. 6 para. 1 lit. f DSGVO.<\/p><ol start=\"3\"><li style=\"font-weight: 400;\"><strong> la finalit\u00e9 du traitement des donn\u00e9es<\/strong><\/li><\/ol><p style=\"font-weight: 400;\">Le stockage temporaire de l&#8217;adresse IP par le syst\u00e8me est n\u00e9cessaire pour permettre la livraison du site web \u00e0 l&#8217;ordinateur de l&#8217;utilisateur. \u00c0 cette fin, l&#8217;adresse IP de l&#8217;utilisateur doit rester stock\u00e9e pendant toute la dur\u00e9e de la session.<\/p><p style=\"font-weight: 400;\">Ces objectifs correspondent \u00e9galement \u00e0 notre int\u00e9r\u00eat l\u00e9gitime dans le traitement des donn\u00e9es conform\u00e9ment \u00e0 l&#8217;article 6, paragraphe 6, de la loi sur la protection des donn\u00e9es. 6 para. 1 lit. f DSGVO.<\/p><ol start=\"4\"><li><strong>la dur\u00e9e du stockage<\/strong><\/li><\/ol><p style=\"font-weight: 400;\">Les donn\u00e9es sont effac\u00e9es d\u00e8s qu&#8217;elles ne sont plus n\u00e9cessaires pour atteindre l&#8217;objectif pour lequel elles ont \u00e9t\u00e9 collect\u00e9es. Dans le cas de la collecte de donn\u00e9es pour la mise \u00e0 disposition du site web, c&#8217;est le cas lorsque la session respective est termin\u00e9e.<\/p><ol start=\"5\"><li><strong>possibilit\u00e9 d&#8217;objection et d&#8217;\u00e9limination<\/strong><\/li><\/ol><p style=\"font-weight: 400;\">La collecte de donn\u00e9es pour la mise \u00e0 disposition du site web et le stockage des donn\u00e9es dans des fichiers journaux sont obligatoires pour le fonctionnement du site web. Par cons\u00e9quent, l&#8217;utilisateur n&#8217;a pas la possibilit\u00e9 de s&#8217;y opposer.<\/p><p style=\"font-weight: 400;\"><strong>Utilisation des cookies<\/strong><\/p><ol><li><strong>description et port\u00e9e du traitement des donn\u00e9es<\/strong><\/li><\/ol><p style=\"font-weight: 400;\">Notre site web utilise des cookies. Les cookies sont des fichiers texte qui sont stock\u00e9s dans le navigateur web ou par le navigateur web sur le syst\u00e8me informatique de l&#8217;utilisateur. Lorsqu&#8217;un utilisateur acc\u00e8de \u00e0 un site web, un cookie peut \u00eatre stock\u00e9 sur le syst\u00e8me d&#8217;exploitation de l&#8217;utilisateur. Ce cookie contient une cha\u00eene de caract\u00e8res caract\u00e9ristique qui permet au navigateur d&#8217;\u00eatre identifi\u00e9 de mani\u00e8re unique lorsque le site web est appel\u00e9 \u00e0 nouveau.<\/p><p style=\"font-weight: 400;\">Nous utilisons des cookies pour rendre notre site web plus convivial. Certains \u00e9l\u00e9ments de notre site web exigent que le navigateur appelant puisse \u00eatre identifi\u00e9 m\u00eame apr\u00e8s un changement de page.<\/p><p style=\"font-weight: 400;\">Les donn\u00e9es suivantes sont stock\u00e9es et transmises dans les cookies :<\/p><p style=\"font-weight: 400;\">&#8211; Param\u00e8tres de langue<\/p><p style=\"font-weight: 400;\">&#8211; Informations de connexion<\/p><ol start=\"2\"><li><strong>base juridique du traitement des donn\u00e9es<\/strong><\/li><\/ol><p style=\"font-weight: 400;\">La base juridique du traitement des donn\u00e9es \u00e0 caract\u00e8re personnel \u00e0 l&#8217;aide de cookies est l&#8217;article 6, paragraphe 1, point f, de la DSVGO. 6 (1) lit. f DSVGO.<\/p><ol start=\"3\"><li><strong>la finalit\u00e9 du traitement des donn\u00e9es<\/strong><\/li><\/ol><p style=\"font-weight: 400;\">L&#8217;utilisation de cookies techniquement n\u00e9cessaires a pour but de simplifier l&#8217;utilisation des sites web pour les utilisateurs. Certaines fonctions de notre site web ne peuvent \u00eatre offertes sans l&#8217;utilisation de cookies. Pour cela, il est n\u00e9cessaire que le navigateur soit reconnu m\u00eame apr\u00e8s un changement de page.<\/p><p style=\"font-weight: 400;\">Nous avons besoin de cookies pour les applications suivantes :<\/p><p style=\"font-weight: 400;\">&#8211; Acceptation des param\u00e8tres linguistiques<\/p><p style=\"font-weight: 400;\">&#8211; Stockage des informations de connexion<\/p><p style=\"font-weight: 400;\">Les donn\u00e9es d&#8217;utilisateur collect\u00e9es par les cookies techniquement n\u00e9cessaires ne sont pas utilis\u00e9es pour cr\u00e9er des profils d&#8217;utilisateur.<\/p><p style=\"font-weight: 400;\">C&#8217;est \u00e0 ces fins que se situe \u00e9galement notre int\u00e9r\u00eat l\u00e9gitime au traitement des donn\u00e9es personnelles conform\u00e9ment \u00e0 l&#8217;art. 6 para. 1 lit. f DSGVO.<\/p><p style=\"font-weight: 400;\"><strong>5. dur\u00e9e de stockage, possibilit\u00e9 d&#8217;opposition et de suppression. <\/strong><strong>\u00a0<\/strong><\/p><p style=\"font-weight: 400;\">Les cookies sont stock\u00e9s sur l&#8217;ordinateur de l&#8217;utilisateur et transmis de celui-ci \u00e0 notre site. En tant qu&#8217;utilisateur, vous avez donc un contr\u00f4le total sur l&#8217;utilisation des cookies. En modifiant les param\u00e8tres de votre navigateur Internet, vous pouvez d\u00e9sactiver ou restreindre la transmission des cookies. Les cookies d\u00e9j\u00e0 stock\u00e9s peuvent \u00eatre supprim\u00e9s \u00e0 tout moment. Cela peut \u00e9galement se faire automatiquement. Si les cookies sont d\u00e9sactiv\u00e9s sur notre site web, il se peut que vous ne puissiez plus utiliser toutes les fonctions du site web dans leur int\u00e9gralit\u00e9.<\/p><p class=\"x_MsoBodyText\" style=\"margin: 0.05pt 6.65pt 0.0001pt 0cm; font-size: medium; font-family: Calibri, sans-serif; color: #212121; font-style: normal; font-variant-ligatures: normal; font-variant-caps: normal; font-weight: 400; text-align: justify; line-height: 18.4px;\"><b><span style=\"font-size: 14pt; line-height: 21.4667px; font-family: Arial, sans-serif, serif, EmojiFont;\">\u00a0<\/span><\/b><\/p>\t\t\t\t\t\t\t\t<\/div>\n\t\t\t\t<\/div>\n\t\t\t\t\t<\/div>\n\t\t<\/div>\n\t\t\t\t\t<\/div>\n\t\t<\/section>\n\t\t\t\t<\/div>\n\t\t","protected":false},"excerpt":{"rendered":"<p>Mentions l\u00e9gales \/ Protection des donn\u00e9es Mentions l\u00e9gales focus horse \u2013 une marque de Vierkant Software GmbH Moosheide 120 D-47877 Willich Telefon: +49 (0) 21 54 \/ 954 73 37 Email:\u00a0\u00a0info@vierkant-software.eu Webseite: https:\/\/vierkant-software.eu Registre du commerce HRB 19746, tribunal d&#8217;instance de Krefeld Associ\u00e9e g\u00e9rante : Stefanie Kairies Num\u00e9ro d&#8217;identification de la taxe sur le chiffre [&hellip;]<\/p>\n","protected":false},"author":1,"featured_media":0,"parent":0,"menu_order":0,"comment_status":"closed","ping_status":"closed","template":"","meta":{"ocean_post_layout":"full-screen","ocean_both_sidebars_style":"","ocean_both_sidebars_content_width":0,"ocean_both_sidebars_sidebars_width":0,"ocean_sidebar":"0","ocean_second_sidebar":"0","ocean_disable_margins":"enable","ocean_add_body_class":"","ocean_shortcode_before_top_bar":"","ocean_shortcode_after_top_bar":"","ocean_shortcode_before_header":"","ocean_shortcode_after_header":"","ocean_has_shortcode":"","ocean_shortcode_after_title":"","ocean_shortcode_before_footer_widgets":"","ocean_shortcode_after_footer_widgets":"","ocean_shortcode_before_footer_bottom":"","ocean_shortcode_after_footer_bottom":"","ocean_display_top_bar":"off","ocean_display_header":"off","ocean_header_style":"","ocean_center_header_left_menu":"0","ocean_custom_header_template":"0","ocean_custom_logo":0,"ocean_custom_retina_logo":0,"ocean_custom_logo_max_width":0,"ocean_custom_logo_tablet_max_width":0,"ocean_custom_logo_mobile_max_width":0,"ocean_custom_logo_max_height":0,"ocean_custom_logo_tablet_max_height":0,"ocean_custom_logo_mobile_max_height":0,"ocean_header_custom_menu":"0","ocean_menu_typo_font_family":"0","ocean_menu_typo_font_subset":"","ocean_menu_typo_font_size":0,"ocean_menu_typo_font_size_tablet":0,"ocean_menu_typo_font_size_mobile":0,"ocean_menu_typo_font_size_unit":"px","ocean_menu_typo_font_weight":"","ocean_menu_typo_font_weight_tablet":"","ocean_menu_typo_font_weight_mobile":"","ocean_menu_typo_transform":"","ocean_menu_typo_transform_tablet":"","ocean_menu_typo_transform_mobile":"","ocean_menu_typo_line_height":0,"ocean_menu_typo_line_height_tablet":0,"ocean_menu_typo_line_height_mobile":0,"ocean_menu_typo_line_height_unit":"","ocean_menu_typo_spacing":0,"ocean_menu_typo_spacing_tablet":0,"ocean_menu_typo_spacing_mobile":0,"ocean_menu_typo_spacing_unit":"","ocean_menu_link_color":"","ocean_menu_link_color_hover":"","ocean_menu_link_color_active":"","ocean_menu_link_background":"","ocean_menu_link_hover_background":"","ocean_menu_link_active_background":"","ocean_menu_social_links_bg":"","ocean_menu_social_hover_links_bg":"","ocean_menu_social_links_color":"","ocean_menu_social_hover_links_color":"","ocean_disable_title":"on","ocean_disable_heading":"default","ocean_post_title":"","ocean_post_subheading":"","ocean_post_title_style":"","ocean_post_title_background_color":"","ocean_post_title_background":0,"ocean_post_title_bg_image_position":"","ocean_post_title_bg_image_attachment":"","ocean_post_title_bg_image_repeat":"","ocean_post_title_bg_image_size":"","ocean_post_title_height":0,"ocean_post_title_bg_overlay":0.5,"ocean_post_title_bg_overlay_color":"","ocean_disable_breadcrumbs":"default","ocean_breadcrumbs_color":"","ocean_breadcrumbs_separator_color":"","ocean_breadcrumbs_links_color":"","ocean_breadcrumbs_links_hover_color":"","ocean_display_footer_widgets":"off","ocean_display_footer_bottom":"off","ocean_custom_footer_template":"0","footnotes":""},"class_list":["post-4706","page","type-page","status-publish","hentry","entry"],"yoast_head":"<!-- This site is optimized with the Yoast SEO plugin v24.2 - https:\/\/yoast.com\/wordpress\/plugins\/seo\/ -->\n<title>Mentions l\u00e9gales \/ Protection des donn\u00e9es - focus horse<\/title>\n<meta name=\"robots\" content=\"index, follow, max-snippet:-1, max-image-preview:large, max-video-preview:-1\" \/>\n<link rel=\"canonical\" href=\"https:\/\/focus-horse.de\/index.php\/fr\/mentions-legales-protection-des-donnees\/\" \/>\n<meta property=\"og:locale\" content=\"de_DE\" \/>\n<meta property=\"og:type\" content=\"article\" \/>\n<meta property=\"og:title\" content=\"Mentions l\u00e9gales \/ Protection des donn\u00e9es - focus horse\" \/>\n<meta property=\"og:description\" content=\"Mentions l\u00e9gales \/ Protection des donn\u00e9es Mentions l\u00e9gales focus horse \u2013 une marque de Vierkant Software GmbH Moosheide 120 D-47877 Willich Telefon: +49 (0) 21 54 \/ 954 73 37 Email:\u00a0\u00a0info@vierkant-software.eu Webseite: https:\/\/vierkant-software.eu Registre du commerce HRB 19746, tribunal d&#8217;instance de Krefeld Associ\u00e9e g\u00e9rante : Stefanie Kairies Num\u00e9ro d&#8217;identification de la taxe sur le chiffre [&hellip;]\" \/>\n<meta property=\"og:url\" content=\"https:\/\/focus-horse.de\/index.php\/fr\/mentions-legales-protection-des-donnees\/\" \/>\n<meta property=\"og:site_name\" content=\"focus horse\" \/>\n<meta property=\"article:modified_time\" content=\"2024-02-08T15:43:52+00:00\" \/>\n<meta name=\"twitter:card\" content=\"summary_large_image\" \/>\n<meta name=\"twitter:label1\" content=\"Gesch\u00e4tzte Lesezeit\" \/>\n\t<meta name=\"twitter:data1\" content=\"8 Minuten\" \/>\n<script type=\"application\/ld+json\" class=\"yoast-schema-graph\">{\"@context\":\"https:\/\/schema.org\",\"@graph\":[{\"@type\":\"WebPage\",\"@id\":\"https:\/\/focus-horse.de\/index.php\/fr\/mentions-legales-protection-des-donnees\/\",\"url\":\"https:\/\/focus-horse.de\/index.php\/fr\/mentions-legales-protection-des-donnees\/\",\"name\":\"Mentions l\u00e9gales \/ Protection des donn\u00e9es - focus horse\",\"isPartOf\":{\"@id\":\"https:\/\/focus-horse.de\/#website\"},\"datePublished\":\"2023-10-30T12:25:57+00:00\",\"dateModified\":\"2024-02-08T15:43:52+00:00\",\"breadcrumb\":{\"@id\":\"https:\/\/focus-horse.de\/index.php\/fr\/mentions-legales-protection-des-donnees\/#breadcrumb\"},\"inLanguage\":\"de\",\"potentialAction\":[{\"@type\":\"ReadAction\",\"target\":[\"https:\/\/focus-horse.de\/index.php\/fr\/mentions-legales-protection-des-donnees\/\"]}]},{\"@type\":\"BreadcrumbList\",\"@id\":\"https:\/\/focus-horse.de\/index.php\/fr\/mentions-legales-protection-des-donnees\/#breadcrumb\",\"itemListElement\":[{\"@type\":\"ListItem\",\"position\":1,\"name\":\"Startseite\",\"item\":\"https:\/\/focus-horse.de\/\"},{\"@type\":\"ListItem\",\"position\":2,\"name\":\"Mentions l\u00e9gales \/ Protection des donn\u00e9es\"}]},{\"@type\":\"WebSite\",\"@id\":\"https:\/\/focus-horse.de\/#website\",\"url\":\"https:\/\/focus-horse.de\/\",\"name\":\"focus horse\",\"description\":\"Gang- Lahmheits- und Reiteranalysen mit Hilfe k\u00fcnstlicher Intelligenz\",\"publisher\":{\"@id\":\"https:\/\/focus-horse.de\/#organization\"},\"potentialAction\":[{\"@type\":\"SearchAction\",\"target\":{\"@type\":\"EntryPoint\",\"urlTemplate\":\"https:\/\/focus-horse.de\/?s={search_term_string}\"},\"query-input\":{\"@type\":\"PropertyValueSpecification\",\"valueRequired\":true,\"valueName\":\"search_term_string\"}}],\"inLanguage\":\"de\"},{\"@type\":\"Organization\",\"@id\":\"https:\/\/focus-horse.de\/#organization\",\"name\":\"focus horse\",\"url\":\"https:\/\/focus-horse.de\/\",\"logo\":{\"@type\":\"ImageObject\",\"inLanguage\":\"de\",\"@id\":\"https:\/\/focus-horse.de\/#\/schema\/logo\/image\/\",\"url\":\"https:\/\/focus-horse.de\/fh-content\/uploads\/2023\/07\/Focus-horse_Favicon.png\",\"contentUrl\":\"https:\/\/focus-horse.de\/fh-content\/uploads\/2023\/07\/Focus-horse_Favicon.png\",\"width\":1000,\"height\":1000,\"caption\":\"focus horse\"},\"image\":{\"@id\":\"https:\/\/focus-horse.de\/#\/schema\/logo\/image\/\"}}]}<\/script>\n<!-- \/ Yoast SEO plugin. -->","yoast_head_json":{"title":"Mentions l\u00e9gales \/ Protection des donn\u00e9es - focus horse","robots":{"index":"index","follow":"follow","max-snippet":"max-snippet:-1","max-image-preview":"max-image-preview:large","max-video-preview":"max-video-preview:-1"},"canonical":"https:\/\/focus-horse.de\/index.php\/fr\/mentions-legales-protection-des-donnees\/","og_locale":"de_DE","og_type":"article","og_title":"Mentions l\u00e9gales \/ Protection des donn\u00e9es - focus horse","og_description":"Mentions l\u00e9gales \/ Protection des donn\u00e9es Mentions l\u00e9gales focus horse \u2013 une marque de Vierkant Software GmbH Moosheide 120 D-47877 Willich Telefon: +49 (0) 21 54 \/ 954 73 37 Email:\u00a0\u00a0info@vierkant-software.eu Webseite: https:\/\/vierkant-software.eu Registre du commerce HRB 19746, tribunal d&#8217;instance de Krefeld Associ\u00e9e g\u00e9rante : Stefanie Kairies Num\u00e9ro d&#8217;identification de la taxe sur le chiffre [&hellip;]","og_url":"https:\/\/focus-horse.de\/index.php\/fr\/mentions-legales-protection-des-donnees\/","og_site_name":"focus horse","article_modified_time":"2024-02-08T15:43:52+00:00","twitter_card":"summary_large_image","twitter_misc":{"Gesch\u00e4tzte Lesezeit":"8 Minuten"},"schema":{"@context":"https:\/\/schema.org","@graph":[{"@type":"WebPage","@id":"https:\/\/focus-horse.de\/index.php\/fr\/mentions-legales-protection-des-donnees\/","url":"https:\/\/focus-horse.de\/index.php\/fr\/mentions-legales-protection-des-donnees\/","name":"Mentions l\u00e9gales \/ Protection des donn\u00e9es - focus horse","isPartOf":{"@id":"https:\/\/focus-horse.de\/#website"},"datePublished":"2023-10-30T12:25:57+00:00","dateModified":"2024-02-08T15:43:52+00:00","breadcrumb":{"@id":"https:\/\/focus-horse.de\/index.php\/fr\/mentions-legales-protection-des-donnees\/#breadcrumb"},"inLanguage":"de","potentialAction":[{"@type":"ReadAction","target":["https:\/\/focus-horse.de\/index.php\/fr\/mentions-legales-protection-des-donnees\/"]}]},{"@type":"BreadcrumbList","@id":"https:\/\/focus-horse.de\/index.php\/fr\/mentions-legales-protection-des-donnees\/#breadcrumb","itemListElement":[{"@type":"ListItem","position":1,"name":"Startseite","item":"https:\/\/focus-horse.de\/"},{"@type":"ListItem","position":2,"name":"Mentions l\u00e9gales \/ Protection des donn\u00e9es"}]},{"@type":"WebSite","@id":"https:\/\/focus-horse.de\/#website","url":"https:\/\/focus-horse.de\/","name":"focus horse","description":"Gang- Lahmheits- und Reiteranalysen mit Hilfe k\u00fcnstlicher Intelligenz","publisher":{"@id":"https:\/\/focus-horse.de\/#organization"},"potentialAction":[{"@type":"SearchAction","target":{"@type":"EntryPoint","urlTemplate":"https:\/\/focus-horse.de\/?s={search_term_string}"},"query-input":{"@type":"PropertyValueSpecification","valueRequired":true,"valueName":"search_term_string"}}],"inLanguage":"de"},{"@type":"Organization","@id":"https:\/\/focus-horse.de\/#organization","name":"focus horse","url":"https:\/\/focus-horse.de\/","logo":{"@type":"ImageObject","inLanguage":"de","@id":"https:\/\/focus-horse.de\/#\/schema\/logo\/image\/","url":"https:\/\/focus-horse.de\/fh-content\/uploads\/2023\/07\/Focus-horse_Favicon.png","contentUrl":"https:\/\/focus-horse.de\/fh-content\/uploads\/2023\/07\/Focus-horse_Favicon.png","width":1000,"height":1000,"caption":"focus horse"},"image":{"@id":"https:\/\/focus-horse.de\/#\/schema\/logo\/image\/"}}]}},"_links":{"self":[{"href":"https:\/\/focus-horse.de\/index.php\/wp-json\/wp\/v2\/pages\/4706","targetHints":{"allow":["GET"]}}],"collection":[{"href":"https:\/\/focus-horse.de\/index.php\/wp-json\/wp\/v2\/pages"}],"about":[{"href":"https:\/\/focus-horse.de\/index.php\/wp-json\/wp\/v2\/types\/page"}],"author":[{"embeddable":true,"href":"https:\/\/focus-horse.de\/index.php\/wp-json\/wp\/v2\/users\/1"}],"replies":[{"embeddable":true,"href":"https:\/\/focus-horse.de\/index.php\/wp-json\/wp\/v2\/comments?post=4706"}],"version-history":[{"count":13,"href":"https:\/\/focus-horse.de\/index.php\/wp-json\/wp\/v2\/pages\/4706\/revisions"}],"predecessor-version":[{"id":6113,"href":"https:\/\/focus-horse.de\/index.php\/wp-json\/wp\/v2\/pages\/4706\/revisions\/6113"}],"wp:attachment":[{"href":"https:\/\/focus-horse.de\/index.php\/wp-json\/wp\/v2\/media?parent=4706"}],"curies":[{"name":"wp","href":"https:\/\/api.w.org\/{rel}","templated":true}]}}